{"id":366,"date":"2020-04-03T12:35:59","date_gmt":"2020-04-03T10:35:59","guid":{"rendered":"https:\/\/veronastudio.eu\/?page_id=366"},"modified":"2020-04-17T13:02:19","modified_gmt":"2020-04-17T11:02:19","slug":"o-mnie","status":"publish","type":"page","link":"https:\/\/veronastudio.eu\/pl\/o-mnie\/","title":{"rendered":"O mnie"},"content":{"rendered":"<div class=\"wpb-content-wrapper\">[vc_section full_width=&#8221;stretch_row&#8221; el_class=&#8221;verona-subheader&#8221;][vc_row content_placement=&#8221;bottom&#8221;][vc_column offset=&#8221;vc_col-lg-7&#8243;][vc_column_text el_class=&#8221;subheader-heading&#8221;]\n<h1>O mnie<\/h1>\n[\/vc_column_text][\/vc_column][vc_column offset=&#8221;vc_col-lg-5&#8243;][\/vc_column][\/vc_row][\/vc_section][vc_section full_width=&#8221;stretch_row&#8221; el_class=&#8221;verona-about-hero&#8221;][vc_row][vc_column width=&#8221;2\/3&#8243; el_class=&#8221;hero-content-wrapper&#8221; offset=&#8221;vc_col-lg-offset-0 vc_col-lg-5 vc_col-sm-offset-2&#8243;][vc_column_text el_class=&#8221;verona-heading&#8221;]\n<h2>Nazywam si\u0119 Weronika Ko\u0142odziej.<br \/>\nJestem dyplomowan\u0119 linergistk\u0105 oraz stylistk\u0105 paznokci.<\/h2>\n[\/vc_column_text][vc_column_text el_class=&#8221;verona-content&#8221;]W swojej pracy stawiam na ci\u0105g\u0142y rozw\u00f3j. Na swoim koncie posiadam wiele szkole\u0144 u wybitnych i cenionych trener\u00f3w z dziedziny makija\u017cu parmanentnego oraz stylizacji paznokci. Z powodzeniem prowadz\u0119 salon Verona Studio, w kt\u00f3rym \u0142\u0105cz\u0119 najwy\u017cszy standard us\u0142ug z niespotykan\u0105 pasj\u0105. Verona Studio powsta\u0142o z marze\u0144 w\u0142a\u015bnie o takim miejscu.[\/vc_column_text][\/vc_column][vc_column width=&#8221;2\/3&#8243; offset=&#8221;vc_col-lg-5 vc_col-sm-offset-2 vc_col-xs-offset-2 vc_col-xs-8&#8243; el_class=&#8221;hero-image-wrapper&#8221;]\t<div id=\"thb-image-69ef21bed657e\" class=\"caption-style1  alignnone  hero-image thb_image_link wp-caption \">\n\t\t\t<div class=\"thb-image-inner size_100\">\n\t\t\t<img width=\"1062\" height=\"1240\" src=\"https:\/\/veronastudio.eu\/wp-content\/uploads\/2020\/04\/about-hero-img2x.jpg\" class=\"thb_image   thb-ignore-lazyload attachment-full thb-lazyload lazyload\" alt=\"\" decoding=\"async\" title=\"about-hero-img@2x\" loading=\"lazy\" sizes=\"(max-width: 1062px) 100vw, 1062px\" data-src=\"https:\/\/veronastudio.eu\/wp-content\/uploads\/2020\/04\/about-hero-img2x.jpg\" data-sizes=\"auto\" data-srcset=\"https:\/\/veronastudio.eu\/wp-content\/uploads\/2020\/04\/about-hero-img2x.jpg 1062w, https:\/\/veronastudio.eu\/wp-content\/uploads\/2020\/04\/about-hero-img2x-548x640.jpg 548w, https:\/\/veronastudio.eu\/wp-content\/uploads\/2020\/04\/about-hero-img2x-768x897.jpg 768w, https:\/\/veronastudio.eu\/wp-content\/uploads\/2020\/04\/about-hero-img2x-380x444.jpg 380w, https:\/\/veronastudio.eu\/wp-content\/uploads\/2020\/04\/about-hero-img2x-190x222.jpg 190w, https:\/\/veronastudio.eu\/wp-content\/uploads\/2020\/04\/about-hero-img2x-760x887.jpg 760w, https:\/\/veronastudio.eu\/wp-content\/uploads\/2020\/04\/about-hero-img2x-20x23.jpg 20w\" \/>\t\t\t\t\t<\/div>\n\t\t\t\t\t<\/div>\n\t[\/vc_column][\/vc_row][\/vc_section][vc_section full_width=&#8221;stretch_row_content&#8221; el_class=&#8221;verona-freescroll nomargin-top&#8221;][vc_row thb_full_width=&#8221;true&#8221; thb_row_padding=&#8221;true&#8221; thb_column_padding=&#8221;true&#8221;][vc_column]\t<div id=\"thb-freescroll-230\" class=\"thb-freescroll  regular-padding thb-adaptive-height thb-freescroll-text   \" data-direction=\"thb-right-to-left\" data-pause=\"\">\n\t\t\t\t\t\t<div class=\"small-12 columns text-content\">\n\t\t\t\tDoskonal\u0119 swoje umiej\u0119tno\u015bci podczas <i>szkole\u0144 i kurs\u00f3w<\/i>.\t\t\t\t<\/div>\n\t\t<div class=\"small-12 columns text-content\">\n\t\t\t\tDoskonal\u0119 swoje umiej\u0119tno\u015bci podczas <i>szkole\u0144 i kurs\u00f3w<\/i>.\t\t\t\t<\/div>\n\t\t\t\t\t<\/div>\n\t[\/vc_column][\/vc_row][\/vc_section][vc_section full_width=&#8221;stretch_row&#8221; el_class=&#8221;verona-about-certificates&#8221;][vc_row][vc_column width=&#8221;1\/2&#8243; offset=&#8221;vc_col-lg-4&#8243;]\t<div id=\"thb-image-69ef21bed7769\" class=\"caption-style1 animation bottom-to-top aligncenter   thb_image_link wp-caption \">\n\t\t\t<div class=\"thb-image-inner size_100\">\n\t\t\t<img class=\"thb_image     lazyload\" src=\"data:image\/gif;base64,R0lGODlhAQABAAAAACH5BAEKAAEALAAAAAABAAEAAAICTAEAOw==\" data-src=\"https:\/\/veronastudio.eu\/wp-content\/uploads\/2020\/04\/logo-osinkowska2x-245x140.png\" width=\"245\" height=\"140\" alt=\"logo-osinkowska@2x\" title=\"logo-osinkowska@2x\" loading=\"lazy\" \/>\t\t\t\t\t<\/div>\n\t\t\t\t\t<div class=\"thb-image-content\">\n\t\t\n<h4>Pigmentacja brwi technik\u0105 Ombre Brows<\/h4>\n<p>Warszawa, 04-05.02.2020\t\t<\/div>\n\t\t\t<\/div>\n\t[\/vc_column][vc_column width=&#8221;1\/2&#8243; offset=&#8221;vc_col-lg-4&#8243;]\t<div id=\"thb-image-69ef21bed8355\" class=\"caption-style1 animation bottom-to-top aligncenter   thb_image_link wp-caption \">\n\t\t\t<div class=\"thb-image-inner size_100\">\n\t\t\t<img class=\"thb_image     lazyload\" src=\"data:image\/gif;base64,R0lGODlhAQABAAAAACH5BAEKAAEALAAAAAABAAEAAAICTAEAOw==\" data-src=\"https:\/\/veronastudio.eu\/wp-content\/uploads\/2020\/04\/logo-osinkowska2x-245x140.png\" width=\"245\" height=\"140\" alt=\"logo-osinkowska@2x\" title=\"logo-osinkowska@2x\" loading=\"lazy\" \/>\t\t\t\t\t<\/div>\n\t\t\t\t\t<div class=\"thb-image-content\">\n\t\t\n<h4>Pigmentacja brwi technik\u0105 Hairstroke<\/h4>\n<p>Warszawa, 16-17.12.2019\t\t<\/div>\n\t\t\t<\/div>\n\t[\/vc_column][vc_column width=&#8221;1\/2&#8243; offset=&#8221;vc_col-lg-4&#8243;]\t<div id=\"thb-image-69ef21bed8521\" class=\"caption-style1 animation bottom-to-top aligncenter   thb_image_link wp-caption \">\n\t\t\t<div class=\"thb-image-inner size_100\">\n\t\t\t<img class=\"thb_image     lazyload\" src=\"data:image\/gif;base64,R0lGODlhAQABAAAAACH5BAEKAAEALAAAAAABAAEAAAICTAEAOw==\" data-src=\"https:\/\/veronastudio.eu\/wp-content\/uploads\/2020\/04\/logo-osinkowska2x-245x140.png\" width=\"245\" height=\"140\" alt=\"logo-osinkowska@2x\" title=\"logo-osinkowska@2x\" loading=\"lazy\" \/>\t\t\t\t\t<\/div>\n\t\t\t\t\t<div class=\"thb-image-content\">\n\t\t\n<h4>Makija\u017c permanentny technik\u0105 Smudge-Proof Lips<\/h4>\n<p>Warszawa, 04-05.02.2020\t\t<\/div>\n\t\t\t<\/div>\n\t[\/vc_column][vc_column width=&#8221;1\/2&#8243; offset=&#8221;vc_col-lg-4&#8243;]\t<div id=\"thb-image-69ef21bed86dc\" class=\"caption-style1 animation bottom-to-top aligncenter   thb_image_link wp-caption \">\n\t\t\t<div class=\"thb-image-inner size_100\">\n\t\t\t<img class=\"thb_image     lazyload\" src=\"data:image\/gif;base64,R0lGODlhAQABAAAAACH5BAEKAAEALAAAAAABAAEAAAICTAEAOw==\" data-src=\"https:\/\/veronastudio.eu\/wp-content\/uploads\/2020\/04\/logo-hennabrown2x-245x140.png\" width=\"245\" height=\"140\" alt=\"logo-hennabrown@2x\" title=\"logo-hennabrown@2x\" loading=\"lazy\" \/>\t\t\t\t\t<\/div>\n\t\t\t\t\t<div class=\"thb-image-content\">\n\t\t\n<h4>Henna do brwi z efektem tatua\u017cu do 14 dni na sk\u00f3rze i 6 tygodni na w\u0142osach<\/h4>\n<p>Krak\u00f3w, 16.01.2019\t\t<\/div>\n\t\t\t<\/div>\n\t[\/vc_column][vc_column width=&#8221;1\/2&#8243; offset=&#8221;vc_col-lg-4&#8243;]\t<div id=\"thb-image-69ef21bed8f12\" class=\"caption-style1 animation bottom-to-top aligncenter   thb_image_link wp-caption \">\n\t\t\t<div class=\"thb-image-inner size_100\">\n\t\t\t<img class=\"thb_image     lazyload\" src=\"data:image\/gif;base64,R0lGODlhAQABAAAAACH5BAEKAAEALAAAAAABAAEAAAICTAEAOw==\" data-src=\"https:\/\/veronastudio.eu\/wp-content\/uploads\/2020\/04\/logo-indigo2x-245x140.png\" width=\"245\" height=\"140\" alt=\"logo-indigo@2x\" title=\"logo-indigo@2x\" loading=\"lazy\" \/>\t\t\t\t\t<\/div>\n\t\t\t\t\t<div class=\"thb-image-content\">\n\t\t\n<h4>Arte Brillante<\/h4>\n<p>Pozna\u0144, 08.12.2018\t\t<\/div>\n\t\t\t<\/div>\n\t[\/vc_column][vc_column width=&#8221;1\/2&#8243; offset=&#8221;vc_col-lg-4&#8243;]\t<div id=\"thb-image-69ef21bed96cf\" class=\"caption-style1 animation bottom-to-top aligncenter   thb_image_link wp-caption \">\n\t\t\t<div class=\"thb-image-inner size_100\">\n\t\t\t<img class=\"thb_image     lazyload\" src=\"data:image\/gif;base64,R0lGODlhAQABAAAAACH5BAEKAAEALAAAAAABAAEAAAICTAEAOw==\" data-src=\"https:\/\/veronastudio.eu\/wp-content\/uploads\/2020\/04\/logo-slowianka2x-245x140.png\" width=\"245\" height=\"140\" alt=\"logo-slowianka@2x\" title=\"logo-slowianka@2x\" loading=\"lazy\" \/>\t\t\t\t\t<\/div>\n\t\t\t\t\t<div class=\"thb-image-content\">\n\t\t\n<h4>One Stroke<\/h4>\n<p>Krak\u00f3w, 17.09.2018\t\t<\/div>\n\t\t\t<\/div>\n\t[\/vc_column][vc_column width=&#8221;1\/2&#8243; offset=&#8221;vc_col-lg-4&#8243;]\t<div id=\"thb-image-69ef21bed9e35\" class=\"caption-style1 animation bottom-to-top aligncenter   thb_image_link wp-caption \">\n\t\t\t<div class=\"thb-image-inner size_100\">\n\t\t\t<img class=\"thb_image     lazyload\" src=\"data:image\/gif;base64,R0lGODlhAQABAAAAACH5BAEKAAEALAAAAAABAAEAAAICTAEAOw==\" data-src=\"https:\/\/veronastudio.eu\/wp-content\/uploads\/2020\/04\/logo-slowianka2x-245x140.png\" width=\"245\" height=\"140\" alt=\"logo-slowianka@2x\" title=\"logo-slowianka@2x\" loading=\"lazy\" \/>\t\t\t\t\t<\/div>\n\t\t\t\t\t<div class=\"thb-image-content\">\n\t\t\n<h4>Manicure kombinowany<\/h4>\n<p>Krak\u00f3w, 24.05.2018\t\t<\/div>\n\t\t\t<\/div>\n\t[\/vc_column][vc_column width=&#8221;1\/2&#8243; offset=&#8221;vc_col-lg-4&#8243;]\t<div id=\"thb-image-69ef21bed9f8e\" class=\"caption-style1 animation bottom-to-top aligncenter   thb_image_link wp-caption \">\n\t\t\t<div class=\"thb-image-inner size_100\">\n\t\t\t<img class=\"thb_image     lazyload\" src=\"data:image\/gif;base64,R0lGODlhAQABAAAAACH5BAEKAAEALAAAAAABAAEAAAICTAEAOw==\" data-src=\"https:\/\/veronastudio.eu\/wp-content\/uploads\/2020\/04\/logo-slowianka2x-245x140.png\" width=\"245\" height=\"140\" alt=\"logo-slowianka@2x\" title=\"logo-slowianka@2x\" loading=\"lazy\" \/>\t\t\t\t\t<\/div>\n\t\t\t\t\t<div class=\"thb-image-content\">\n\t\t\n<h4>Acrygel System + modern silicone forms<\/h4>\n<p>Krak\u00f3w, 27.04.2018\t\t<\/div>\n\t\t\t<\/div>\n\t[\/vc_column][vc_column width=&#8221;1\/2&#8243; offset=&#8221;vc_col-lg-4&#8243;]\t<div id=\"thb-image-69ef21beda0aa\" class=\"caption-style1 animation bottom-to-top aligncenter   thb_image_link wp-caption \">\n\t\t\t<div class=\"thb-image-inner size_100\">\n\t\t\t<img class=\"thb_image     lazyload\" src=\"data:image\/gif;base64,R0lGODlhAQABAAAAACH5BAEKAAEALAAAAAABAAEAAAICTAEAOw==\" data-src=\"https:\/\/veronastudio.eu\/wp-content\/uploads\/2020\/04\/logo-spnnails2x-245x140.png\" width=\"245\" height=\"140\" alt=\"logo-spnnails@2x\" title=\"logo-spnnails@2x\" loading=\"lazy\" \/>\t\t\t\t\t<\/div>\n\t\t\t\t\t<div class=\"thb-image-content\">\n\t\t\n<h4>Piel\u0119gnacja d\u0142oni i tradycyjny manicure<\/h4>\n<p>Krak\u00f3w, 30.04.2017\t\t<\/div>\n\t\t\t<\/div>\n\t[\/vc_column][\/vc_row][\/vc_section][vc_section full_width=&#8221;stretch_row_content&#8221; el_class=&#8221;verona-gallery&#8221;][vc_row thb_full_width=&#8221;true&#8221; thb_row_padding=&#8221;true&#8221; thb_column_padding=&#8221;true&#8221;][vc_column][vc_gallery gallery_type=&#8221;thb-portfolio&#8221; thb_margins=&#8221;pixel-padding&#8221; images=&#8221;393,391,385,800,387&#8243; img_size=&#8221;large&#8221; animation=&#8221;animation bottom-to-top&#8221;][\/vc_column][\/vc_row][\/vc_section][vc_section full_width=&#8221;stretch_row&#8221; el_class=&#8221;verona-testimonials about&#8221;][vc_row][vc_column width=&#8221;5\/6&#8243; offset=&#8221;vc_col-lg-offset-2 vc_col-lg-8 vc_col-sm-offset-1&#8243;]\t<div id=\"thb-testimonials-69ef21bedaa7a\" class=\"thb-testimonials thb-testimonial-style2 thb-carousel style2   \" data-columns=\"1\" data-pagination=\"true\" data-navigation=\"false\"\n\t\t\t\t\t\t data-autoplay=\"true\" data-autoplay-speed=\"9000\" data-fade=\"true\" data-adaptive=\"false\">\n\t\t\t<div class=\"small-12  columns\">\n\t\t\t\t\t\t\t<div class=\"thb-testimonial \">\n\t\t\t\t\t\t\t\t\t\t\t\t\t\t\t\t\t\t\t\t\t\t\t\t<blockquote><p>Us\u0142ugi w salonie Verona Studio s\u0105 na najwy\u017cszym poziomie. Weronika to osoba, kt\u00f3ra wykonuje swoj\u0105 prac\u0119 z pasj\u0105, jest perfekcjonistka w ka\u017cdym calu. W moim przypadku: co sobie wymy\u015bl\u0119 ze zdobie\u0144 paznokci, to zrobi, a efekt jest MEGA. Czas sp\u0119dzony w salonie to czysta przyjemno\u015b\u0107.<\/p>\n<\/blockquote>\n\t\t\t\t\t\t\t\t\t\t\t\t\t\t\t\t\t\t\t\t<div class=\"testimonial-author\">\n\t\t\t\t\t\t\t\t\t\t\t\t\t\t\t\t\t<cite>Karina Zi\u00f3\u0142kowska<\/cite>\n\t\t\t\t\t\t\t\t\t\t\t\t\t\t\t\t<span class=\"title\"><\/span>\n\t\t\t\t\t\t\t<\/div>\n\t\t\t\t\t\t\t\t\t\t\t<\/div>\n\t\t\t<\/div>\n\n\t\t<div class=\"small-12  columns\">\n\t\t\t\t\t\t\t<div class=\"thb-testimonial \">\n\t\t\t\t\t\t\t\t\t\t\t\t\t\t\t\t\t\t\t\t\t\t\t\t<blockquote><p>Jestem bardzo zadowolona z moich pi\u0119knych paznokci. Profesjonalnie, sprawnie, dok\u0142adnie. Zawsze pierwszego dnia musia\u0142am si\u0119 przyzwyczai\u0107 do nowych paznokci, a teraz nic nie czuje, po prostu jakby by\u0142y moje, a to wszystko w dost\u0119pnej cenie i w przemi\u0142ej atmosferze (popijaj\u0105c przepyszn\u0105 herbatk\u0119). Od dzisiaj Verona Salon m\u00f3j numer 1!<\/p>\n<\/blockquote>\n\t\t\t\t\t\t\t\t\t\t\t\t\t\t\t\t\t\t\t\t<div class=\"testimonial-author\">\n\t\t\t\t\t\t\t\t\t\t\t\t\t\t\t\t\t<cite>Justyna Szumi\u0144ska - de Vries<\/cite>\n\t\t\t\t\t\t\t\t\t\t\t\t\t\t\t\t<span class=\"title\"><\/span>\n\t\t\t\t\t\t\t<\/div>\n\t\t\t\t\t\t\t\t\t\t\t<\/div>\n\t\t\t<\/div>\n\n\t\t<div class=\"small-12  columns\">\n\t\t\t\t\t\t\t<div class=\"thb-testimonial \">\n\t\t\t\t\t\t\t\t\t\t\t\t\t\t\t\t\t\t\t\t\t\t\t\t<blockquote><p>Piekny salon z bardzo dobrymi produktami. Jestem bardzo zadowolona ze swoich paznokci. Verona jest bardzo mila i mowi swietnie po holendersku. Goraco polecam.<\/p>\n<\/blockquote>\n\t\t\t\t\t\t\t\t\t\t\t\t\t\t\t\t\t\t\t\t<div class=\"testimonial-author\">\n\t\t\t\t\t\t\t\t\t\t\t\t\t\t\t\t\t<cite>Mariska Sas<\/cite>\n\t\t\t\t\t\t\t\t\t\t\t\t\t\t\t\t<span class=\"title\"><\/span>\n\t\t\t\t\t\t\t<\/div>\n\t\t\t\t\t\t\t\t\t\t\t<\/div>\n\t\t\t<\/div>\n\n\t\t<div class=\"small-12  columns\">\n\t\t\t\t\t\t\t<div class=\"thb-testimonial \">\n\t\t\t\t\t\t\t\t\t\t\t\t\t\t\t\t\t\t\t\t\t\t\t\t<blockquote><p>Weronika to odpowiednia osoba na odpowiednim miejscu. Po prostu super. Gor\u0105co polecam.<\/p>\n<\/blockquote>\n\t\t\t\t\t\t\t\t\t\t\t\t\t\t\t\t\t\t\t\t<div class=\"testimonial-author\">\n\t\t\t\t\t\t\t\t\t\t\t\t\t\t\t\t\t<cite>Sabina Hacyk<\/cite>\n\t\t\t\t\t\t\t\t\t\t\t\t\t\t\t\t<span class=\"title\"><\/span>\n\t\t\t\t\t\t\t<\/div>\n\t\t\t\t\t\t\t\t\t\t\t<\/div>\n\t\t\t<\/div>\n\n\t\t<div class=\"small-12  columns\">\n\t\t\t\t\t\t\t<div class=\"thb-testimonial \">\n\t\t\t\t\t\t\t\t\t\t\t\t\t\t\t\t\t\t\t\t\t\t\t\t<blockquote><p>Bardzo mi\u0142a atmosfera, profesjonalna praca, gor\u0105co polecam wszystkim wymagaj\u0105cym.<\/p>\n<\/blockquote>\n\t\t\t\t\t\t\t\t\t\t\t\t\t\t\t\t\t\t\t\t<div class=\"testimonial-author\">\n\t\t\t\t\t\t\t\t\t\t\t\t\t\t\t\t\t<cite>Milena Bogda\u0144ska<\/cite>\n\t\t\t\t\t\t\t\t\t\t\t\t\t\t\t\t<span class=\"title\"><\/span>\n\t\t\t\t\t\t\t<\/div>\n\t\t\t\t\t\t\t\t\t\t\t<\/div>\n\t\t\t<\/div>\n\n\t\t<\/div>\n\t[\/vc_column][\/vc_row][\/vc_section][vc_section full_width=&#8221;stretch_row&#8221; el_class=&#8221;verona-instagram&#8221;][vc_row el_class=&#8221;instagram-heading-wrapper&#8221;][vc_column][vc_column_text el_class=&#8221;instagram-heading&#8221;]\u2014 <strong>Instagram<\/strong> @verona_studio_wk[\/vc_column_text][\/vc_column][\/vc_row][vc_row el_class=&#8221;instagram-wrapper&#8221;][vc_column][vc_column_text]\r\n<div id=\"sb_instagram\"  class=\"sbi sbi_mob_col_1 sbi_tab_col_2 sbi_col_4 sbi_width_resp\" style=\"padding-bottom: 40px;width: 100%;\" data-feedid=\"sbi_17841407073693801#8\"  data-res=\"auto\" data-cols=\"4\" data-colsmobile=\"1\" data-colstablet=\"2\" data-num=\"8\" data-nummobile=\"\" data-shortcode-atts=\"{}\"  data-postid=\"366\" data-locatornonce=\"daff47fe1c\" data-sbi-flags=\"favorLocal\">\r\n\t\r\n    <div id=\"sbi_images\"  style=\"padding: 20px;\">\r\n\t\t    <\/div>\r\n\r\n\t<div id=\"sbi_load\" >\r\n\r\n\t\r\n\t\r\n<\/div>\r\n\r\n\t    <span class=\"sbi_resized_image_data\" data-feed-id=\"sbi_17841407073693801#8\" data-resized=\"[]\">\n\t<\/span>\n\t<\/div>\r\n\r\n[\/vc_column_text]\t<a id=\"thb-button-69ef21bedbbf3\" class=\"btn style1 medium  accent small-radius    \" href=\"https:\/\/www.instagram.com\/verona_studio_wk\/\" target=\"_blank\" role=\"button\">\n\t\t<span>Obserwuj na Instagramie<\/span>\n\t\t\t<\/a>\n\t\t[\/vc_column][\/vc_row][\/vc_section]\n<\/div>","protected":false},"excerpt":{"rendered":"<p>[vc_section full_width=&#8221;stretch_row&#8221; el_class=&#8221;verona-subheader&#8221;][vc_row content_placement=&#8221;bottom&#8221;][vc_column offset=&#8221;vc_col-lg-7&#8243;][vc_column_text el_class=&#8221;subheader-heading&#8221;] O mnie [\/vc_column_text][\/vc_column][vc_column offset=&#8221;vc_col-lg-5&#8243;][\/vc_column][\/vc_row][\/vc_section][vc_section full_width=&#8221;stretch_row&#8221; el_class=&#8221;verona-about-hero&#8221;][vc_row][vc_column width=&#8221;2\/3&#8243; el_class=&#8221;hero-content-wrapper&#8221; offset=&#8221;vc_col-lg-offset-0 vc_col-lg-5 vc_col-sm-offset-2&#8243;][vc_column_text el_class=&#8221;verona-heading&#8221;] Nazywam si\u0119 Weronika Ko\u0142odziej. Jestem dyplomowan\u0119 linergistk\u0105 oraz stylistk\u0105 paznokci. [\/vc_column_text][vc_column_text el_class=&#8221;verona-content&#8221;]W swojej pracy stawiam na ci\u0105g\u0142y rozw\u00f3j. Na swoim koncie posiadam wiele szkole\u0144 u wybitnych i cenionych trener\u00f3w z dziedziny makija\u017cu parmanentnego oraz stylizacji paznokci. Z&hellip;<\/p>\n","protected":false},"author":1,"featured_media":0,"parent":0,"menu_order":0,"comment_status":"closed","ping_status":"closed","template":"","meta":{"_seopress_robots_primary_cat":"","footnotes":""},"_links":{"self":[{"href":"https:\/\/veronastudio.eu\/pl\/wp-json\/wp\/v2\/pages\/366"}],"collection":[{"href":"https:\/\/veronastudio.eu\/pl\/wp-json\/wp\/v2\/pages"}],"about":[{"href":"https:\/\/veronastudio.eu\/pl\/wp-json\/wp\/v2\/types\/page"}],"author":[{"embeddable":true,"href":"https:\/\/veronastudio.eu\/pl\/wp-json\/wp\/v2\/users\/1"}],"replies":[{"embeddable":true,"href":"https:\/\/veronastudio.eu\/pl\/wp-json\/wp\/v2\/comments?post=366"}],"version-history":[{"count":0,"href":"https:\/\/veronastudio.eu\/pl\/wp-json\/wp\/v2\/pages\/366\/revisions"}],"wp:attachment":[{"href":"https:\/\/veronastudio.eu\/pl\/wp-json\/wp\/v2\/media?parent=366"}],"curies":[{"name":"wp","href":"https:\/\/api.w.org\/{rel}","templated":true}]}}